{"id":37,"date":"2026-03-29T14:56:11","date_gmt":"2026-03-29T14:56:11","guid":{"rendered":"http:\/\/www.maler-fassaden.at\/?page_id=37"},"modified":"2026-03-29T15:17:29","modified_gmt":"2026-03-29T15:17:29","slug":"datenschutzerklaerung","status":"publish","type":"page","link":"http:\/\/www.maler-fassaden.at\/?page_id=37","title":{"rendered":"Datenschutzerkl\u00e4rung"},"content":{"rendered":"<style>.kb-row-layout-id37_10a523-f9 > .kt-row-column-wrap{align-content:start;}:where(.kb-row-layout-id37_10a523-f9 > .kt-row-column-wrap) > .wp-block-kadence-column{justify-content:start;}.kb-row-layout-id37_10a523-f9 > .kt-row-column-wrap{column-gap:var(--global-kb-gap-md, 2rem);row-gap:var(--global-kb-gap-md, 2rem);padding-top:var(--global-kb-spacing-sm, 1.5rem);padding-bottom:var(--global-kb-spacing-sm, 1.5rem);grid-template-columns:minmax(0, 1fr);}.kb-row-layout-id37_10a523-f9 > .kt-row-layout-overlay{opacity:0.30;}@media all and (max-width: 1024px){.kb-row-layout-id37_10a523-f9 > .kt-row-column-wrap{grid-template-columns:minmax(0, 1fr);}}@media all and (max-width: 767px){.kb-row-layout-id37_10a523-f9 > .kt-row-column-wrap{grid-template-columns:minmax(0, 1fr);}}<\/style><div class=\"kb-row-layout-wrap kb-row-layout-id37_10a523-f9 alignnone wp-block-kadence-rowlayout\"><div class=\"kt-row-column-wrap kt-has-1-columns kt-row-layout-equal kt-tab-layout-inherit kt-mobile-layout-row kt-row-valign-top\">\n<style>.kadence-column37_d2de46-28 > .kt-inside-inner-col,.kadence-column37_d2de46-28 > .kt-inside-inner-col:before{border-top-left-radius:0px;border-top-right-radius:0px;border-bottom-right-radius:0px;border-bottom-left-radius:0px;}.kadence-column37_d2de46-28 > .kt-inside-inner-col{column-gap:var(--global-kb-gap-sm, 1rem);}.kadence-column37_d2de46-28 > .kt-inside-inner-col{flex-direction:column;}.kadence-column37_d2de46-28 > .kt-inside-inner-col > .aligncenter{width:100%;}.kadence-column37_d2de46-28 > .kt-inside-inner-col:before{opacity:0.3;}.kadence-column37_d2de46-28{position:relative;}@media all and (max-width: 1024px){.kadence-column37_d2de46-28 > .kt-inside-inner-col{flex-direction:column;justify-content:center;}}@media all and (max-width: 767px){.kadence-column37_d2de46-28 > .kt-inside-inner-col{flex-direction:column;justify-content:center;}}<\/style>\n<div class=\"wp-block-kadence-column kadence-column37_d2de46-28\"><div class=\"kt-inside-inner-col\">\n<h2 class=\"wp-block-heading\">Datenschutzerkl\u00e4rung<\/h2>\n\n\n\n<h3 class=\"wp-block-heading\">Auskunft zur Datenerfassung<\/h3>\n\n\n\n<p>Der Schutz Ihrer pers\u00f6nlichen Daten ist mir ein besonderes Anliegen. Ich erhebe, verarbeite und nutze Daten daher ausschlie\u00dflich auf der Grundlage der gesetzlichen Bestimmungen (DSGVO), bei Vorliegen einer gesetzlichen Erlaubnis oder Vorliegen einer Einwilligung.<\/p>\n\n\n\n<p>In dieser Datenschutzerkl\u00e4rung informiere ich Sie \u00fcber Art, Umfang und Zweck der Verarbeitung von personenbezogenen Daten innerhalb dieser Website.<\/p>\n\n\n\n<h3 class=\"wp-block-heading\">Hinweise zur verantwortlichen Stelle<\/h3>\n\n\n\n<p>Die verantwortliche Stelle f\u00fcr die Datenverarbeitung auf dieser Website ist:<br>Martin Groiss<br>H\u00f6rsdorf 36<br>3240 Mank<br>\u00d6sterreich<\/p>\n\n\n\n<p>Telefon: +43 664 35 21 167<br>E-Mail:&nbsp;<a href=\"mailto:m.groiss@mbfmaler.at\">groiss@maler-fassaden.at<\/a><br>Website:&nbsp;<a href=\"http:\/\/www.maler-fassaden.at\/\">http:\/\/www.maler-fassaden.at\/<\/a><\/p>\n\n\n\n<h2 class=\"wp-block-heading\">Einbindung von Diensten und Inhalten Dritter<\/h2>\n\n\n\n<h3 class=\"wp-block-heading\">Externe Links\/Quellen<\/h3>\n\n\n\n<p>Innerhalb dieser Website binde ich vereinzelt Inhaltsangebote von Drittanbietern durch externe Links ein. Dies setzt voraus, dass die Anbieter (Dritt-Anbieter) Daten der Nutzer verwenden, um die Inhalte an den jeweiligen Nutzer zu senden. Sofern m\u00f6glich, binde ich alle Inhalte durch externe Links ein. Dadurch werden beim Surfen auf meiner Website noch keine Daten durch Dritt-Anbieter abgefragt. Erst durch das Klicken (=Einwilligung) auf den jeweiligen Link werden ggf. Daten abgefragt. Abgefragt wird die IP Adresse des aufrufenden Rechners und m\u00f6glicherweise auch Cookies durch den jeweiligen Anbieter. Mit dem Klick auf einen externen Link verlassen Sie meine datenschutzrechtliche Verantwortung. F\u00fcr den Inhalt der verlinkten Seiten sind ausschlie\u00dflich deren Betreiber verantwortlich. Ich verlinke nur Websiten, die zum Zeitpunkt der Verlinkung keine Rechtsverst\u00f6\u00dfe aufweisen.<\/p>\n\n\n\n<h3 class=\"wp-block-heading\">Webstatistik <\/h3>\n\n\n\n<p>Ich verwende keinerlei Werkzeuge zur Nachverfolgung von Benutzerzugriffen.<\/p>\n\n\n\n<h3 class=\"wp-block-heading\">Webserver<\/h3>\n\n\n\n<p>Ich hoste diese Website bei meinem Auftragsverarbeiter&nbsp;<a href=\"https:\/\/www.easyname.at\/de\" target=\"_blank\" rel=\"noreferrer noopener\">Easyname<\/a>, easyname GmbH, Fernkorngasse 10\/3\/201, 1100 Wien, \u00d6sterreich. Die bei easyname gehosteten Daten befinden sich in Europa. Auf Grundlage der DSGVO hat Martin Groiss mit der easyname GmbH einen Auftragsverarbeitungsvertrag abgeschlossen. Ein Auftragsverarbeitungsvertrag regelt, welche Daten zu welchem Zweck verarbeitet werden, auf welcher rechtlichen Basis dies erfolgt und wie der Schutz der Daten vor allem auch in technischer Hinsicht durch den Auftragsverarbeiter sichergestellt wird. Zur Datensicherheit im Netz nutze ich das Hyptertext-\u00dcbertragungsprotokoll (HTTPS). Mittels SSL-Zertifikat wird der Datenaustausch zwischen Ihrem Webbrowser und meinem Webserver verschl\u00fcsselt und so vor dem Zugriff Dritter gesch\u00fctzt. Die durch den Hoster verarbeiteten Verbindungsdaten dienen dazu, um deinen sicheren Betrieb zu gew\u00e4hrleisten. Im Falle von Angriffen durch Hacker werden die Daten den zust\u00e4ndigen Ermittlungsbeh\u00f6rden zur Verf\u00fcgung gestellt.<\/p>\n\n\n\n<p>Betroffene: Alle Webseitenbesucher<br>Rechtsgrundlage: Wirtschaftliches Interesse an einem sicheren und funktionierenden Betrieb der technischen Systeme.<br>Daten: Browsertyp\/Browserversion, verwendetes Betriebsystem, Referrer URL, Datum und Uhrzeit eines Zugriffs auf die Website, IP-Adresse, Internet-Service-Provider<br>Speicherdauer: 7 Tage<br>\u00dcbermittlung: an den Auftragsverarbeiter easyname GmbH, Fernkorngasse 10\/3\/201, 1100 Wien, \u00d6sterreich<\/p>\n\n\n\n<h3 class=\"wp-block-heading\">Cookies<\/h3>\n\n\n\n<p>Cookies sind kleine Dateien, die es erm\u00f6glichen, auf dem Zugriffsger\u00e4t des Nutzers (Smartphone, PC, o.\u00e4.) spezifische, auf das Ger\u00e4t bezogene Informationen zu speichern. Sie dienen der Benutzerfreundlichkeit von Websites und damit den Nutzern. Zum Anderen dienen sie auch dazu, die Daten der Websitenutzung zu erfassen und zu analysieren.<\/p>\n\n\n\n<h3 class=\"wp-block-heading\">Eigene Cookies<\/h3>\n\n\n\n<p>Ich nutze aus datenschutzrechtlichen Gr\u00fcnden keine eigenen Cookies.<\/p>\n\n\n\n<h3 class=\"wp-block-heading\">Drittanbieter Cookies<\/h3>\n\n\n\n<p>Auf der Website finden Sie Verlinkungen zu externen Websites, welche unter Umst\u00e4nden zum Einsatz von Drittanbieter Cookies f\u00fchren kann. Zum Schutz Ihrer Daten binde ich alle externen Dienste nur in Form von externen Links ein. Erst durch einen Klick auf diese Links wird die externe Website ge\u00f6ffnet bzw. aufgerufen. Durch den direkten Aufruf kommen gegebenfalls Cookies zum Einsatz.<\/p>\n\n\n\n<p>Falls Sie nicht m\u00f6chten, dass Cookies auf Ihrem Rechner gespeichert werden, bitte ich Sie, die entsprechende Option in den Systemeinstellungen Ihres Browsers zu deaktivieren und ggf. bereits gespeicherte Cookies zu l\u00f6schen. Ich m\u00f6chte aber darauf hinweisen, dass dies die Funktionalit\u00e4t von Websites einschr\u00e4nken kann.<\/p>\n\n\n\n<h3 class=\"wp-block-heading\">Webfonts<\/h3>\n\n\n\n<h3 class=\"wp-block-heading\">Lokale Einbindung von Schriften<\/h3>\n\n\n\n<p>Ich verwende Google Schriftarten. Diese binde ich lokal auf meinem Webspace ein, sodass dabei keinerlei personenbezogene Daten verarbeitet werden.<\/p>\n\n\n\n<h2 class=\"wp-block-heading\">Betroffenenrechte<\/h2>\n\n\n\n<h3 class=\"wp-block-heading\">Auskunft<\/h3>\n\n\n\n<p>Sie haben jederzeit das Recht auf unentgeltliche Auskunft \u00fcber Ihre gespeicherten und verarbeiteten personenbezogenen Daten, sowie deren Herkunft und den Zweck der Datenverarbeitung. Sie haben das Recht auf eine Kopie Ihrer personenbezogener Daten, sofern die Rechte und Freiheiten anderer Personen nicht beeintr\u00e4chtigt werden.<\/p>\n\n\n\n<h3 class=\"wp-block-heading\">Berichtigung<\/h3>\n\n\n\n<p>Sie haben das Recht auf unverz\u00fcgliche Berichtigung personenbezogener Daten, sollten diese nicht richtig erfasst worden sein und unter der Ber\u00fccksichtigung der Zwecke der Verarbeitung die Vervollst\u00e4ndigung unvollst\u00e4ndiger Daten.<\/p>\n\n\n\n<h3 class=\"wp-block-heading\">L\u00f6schung<\/h3>\n\n\n\n<p>Sie haben das Recht auf L\u00f6schung Ihrer personenbezogener Daten, sollte einer der folgenden Gr\u00fcnde zutreffen:<\/p>\n\n\n\n<p>\u2013 Ihre personenbezogenen Daten sind f\u00fcr die Zwecke, f\u00fcr die sie erhoben oder verarbeitet wurden, nicht mehr notwendig.<br>\u2013 Sie widerrufen die Einwilligung und es fehlt an einer anderweitigen Rechtsgrundlage f\u00fcr die Verarbeitung.<br>\u2013 Sie legen berechtigten Widerspruch gegen die Verarbeitung ein.<br>\u2013 Ihre personenbezognen Daten wurden unrechtm\u00e4\u00dfig verarbeitet.<br>\u2013 Die L\u00f6schung zur Erf\u00fcllung einer rechtlichen Verpflichtung erforderlich ist<\/p>\n\n\n\n<h3 class=\"wp-block-heading\">Einschr\u00e4nkung der Verarbeitung<\/h3>\n\n\n\n<p>Sie haben das Recht auf Einschr\u00e4nkung der Verarbeitung Ihrer personenbezogenen Daten unter folgenden Voraussetzungen:<br>\u2013 Bis zur Kl\u00e4rung der Richtigkeit der personenbezogener Daten durch die betreffende Person<br>\u2013 Wenn die Verarbeitung unrechtm\u00e4\u00dfig ist und Sie eine Einschr\u00e4nkung der Nutzung der personenbezogener Daten verlangen<br>\u2013 Wenn die Daten nicht l\u00e4nger ben\u00f6tigt werden, Sie diese jedoch noch f\u00fcr etwaige Rechtsanspr\u00fcche ben\u00f6tigen<\/p>\n\n\n\n<h3 class=\"wp-block-heading\">Widerspruch<\/h3>\n\n\n\n<p>Sie haben jederzeit das Recht, aus Gr\u00fcnden, die sich aus Ihrer besonderen Situation ergeben, gegen die Verarbeitung Ihrer personenbezogenen Daten Widerspruch einzulegen. Liegen keine zwingenen schutzw\u00fcrdigen Gr\u00fcnde oder eine Verarbeitung der Geltendmachung, Aus\u00fcbung oder Verteidigung von Rechtsanspr\u00fcchen f\u00fcr die Verarbeitung vor, werden ihre betroffenen personenbezogenen Daten nicht mehr verarbeitet.<\/p>\n\n\n\n<p>Sie k\u00f6nnen der Verarbeitung Ihrer personenbezogenen Daten im Rahmen von Direktwerbung jederzeit widersprechen. Ihre Daten werden anschlie\u00dfend nicht mehr f\u00fcr Zwecke der Direktwerbung verwendet.<\/p>\n\n\n\n<h3 class=\"wp-block-heading\">Daten\u00fcbertragbarkeit<\/h3>\n\n\n\n<p>Sie haben das Recht, Ihre personenbezogenen Daten in einem strukturiereten, g\u00e4ngigen und maschinenlesbaren Format zu erhalten, sofern die Verarbeitung auf einer Einwilligung oder einem Vertrag beruht und die Verarbeitung mithilfe automatischer Verfahren erfolgt und dies technisch machbar ist.<\/p>\n\n\n\n<h3 class=\"wp-block-heading\">Widerruf Einwilligung<\/h3>\n\n\n\n<p>Im Falle einer von Ihnen erteilten Einwilligung (z.B. der Erhalt von elektronischer Werbung\/E-Mails), haben Sie jederzeit das Recht, diese zu widerrufen. Schicken Sie mir dazu eine Mitteilung per E-Mail. Die Verarbeitung wird, sofern keine Rechtsgrundlage besteht, eingestellt.<br><br>Durch den Widerruf wird die Rechtm\u00e4\u00dfigkeit der bis dahin erfolgten Verarbeitung nicht ber\u00fchrt.<br><br>Beschwerde bei der Aufsichtsbeh\u00f6rde<br>Wenn Sie der Meinung sind, dass die Verarbeitung Ihrer Daten gegen das Datenschutzrecht verst\u00f6\u00dft oder Ihre datnschutzrechtlichen Anspr\u00fcche verletzt worden sind, k\u00f6nnen Sie sich bei der Aufsichtsbeh\u00f6rde beschweren. In \u00d6sterreich ist dies die <a href=\"https:\/\/dsb.gv.at\/\" data-type=\"link\" data-id=\"https:\/\/dsb.gv.at\/\">\u00d6sterreichischen Datenschutzbeh\u00f6rde<\/a>.<\/p>\n\n\n\n<p>Sie k\u00f6nnen Ihre Anfrage per E-Mail an mich senden. Ich werde Ihre Anfrage so schnell wie m\u00f6glich, aber innerhalb eines Monats nach Eingang Ihrer Anfrage bearbeiten und beantworten. Voraussetzung f\u00fcr die Bearbeitung Ihrer Anfrage ist die Best\u00e4tigung Ihrer Identit\u00e4t, um den Schutz Ihrer Daten vor unbefugtem Zugriff zu sch\u00fctzen.<\/p>\n<\/div><\/div>\n\n<\/div><\/div>\n\n\n<p><\/p>\n","protected":false},"excerpt":{"rendered":"<p>Datenschutzerkl\u00e4rung Auskunft zur Datenerfassung Der Schutz Ihrer pers\u00f6nlichen Daten ist mir ein besonderes Anliegen. Ich erhebe, verarbeite und nutze Daten daher ausschlie\u00dflich auf der Grundlage der gesetzlichen Bestimmungen (DSGVO), bei Vorliegen einer gesetzlichen Erlaubnis oder Vorliegen einer Einwilligung. In dieser Datenschutzerkl\u00e4rung informiere ich Sie \u00fcber Art, Umfang und Zweck der Verarbeitung von personenbezogenen Daten innerhalb&#8230;<\/p>\n","protected":false},"author":2,"featured_media":0,"parent":0,"menu_order":0,"comment_status":"closed","ping_status":"closed","template":"","meta":{"_kadence_starter_templates_imported_post":false,"_kad_post_transparent":"","_kad_post_title":"hide","_kad_post_layout":"","_kad_post_sidebar_id":"","_kad_post_content_style":"","_kad_post_vertical_padding":"","_kad_post_feature":"","_kad_post_feature_position":"","_kad_post_header":true,"_kad_post_footer":true,"_kad_post_classname":"","footnotes":""},"class_list":["post-37","page","type-page","status-publish","hentry"],"_links":{"self":[{"href":"http:\/\/www.maler-fassaden.at\/index.php?rest_route=\/wp\/v2\/pages\/37","targetHints":{"allow":["GET"]}}],"collection":[{"href":"http:\/\/www.maler-fassaden.at\/index.php?rest_route=\/wp\/v2\/pages"}],"about":[{"href":"http:\/\/www.maler-fassaden.at\/index.php?rest_route=\/wp\/v2\/types\/page"}],"author":[{"embeddable":true,"href":"http:\/\/www.maler-fassaden.at\/index.php?rest_route=\/wp\/v2\/users\/2"}],"replies":[{"embeddable":true,"href":"http:\/\/www.maler-fassaden.at\/index.php?rest_route=%2Fwp%2Fv2%2Fcomments&post=37"}],"version-history":[{"count":7,"href":"http:\/\/www.maler-fassaden.at\/index.php?rest_route=\/wp\/v2\/pages\/37\/revisions"}],"predecessor-version":[{"id":56,"href":"http:\/\/www.maler-fassaden.at\/index.php?rest_route=\/wp\/v2\/pages\/37\/revisions\/56"}],"wp:attachment":[{"href":"http:\/\/www.maler-fassaden.at\/index.php?rest_route=%2Fwp%2Fv2%2Fmedia&parent=37"}],"curies":[{"name":"wp","href":"https:\/\/api.w.org\/{rel}","templated":true}]}}